{"id":3368,"date":"2021-07-02T11:25:54","date_gmt":"2021-07-02T09:25:54","guid":{"rendered":"https:\/\/www.sv-sf.be\/SFXL\/?page_id=3368"},"modified":"2023-04-05T09:49:28","modified_gmt":"2023-04-05T07:49:28","slug":"concours","status":"publish","type":"page","link":"http:\/\/www.sv-sf.be\/SFXL\/?page_id=3368","title":{"rendered":"CONCOURS"},"content":{"rendered":"<p>[et_pb_section fb_built=\u00a0\u00bb1&Prime; admin_label=\u00a0\u00bbZONE BANDEAU VERT\u00a0\u00bb _builder_version=\u00a0\u00bb4.7.1&Prime; background_color=\u00a0\u00bb#004080&Prime; background_image=\u00a0\u00bbhttp:\/\/www.sv-sf.be\/SFXL\/wp-content\/uploads\/2016\/05\/fond_menu_vert.jpg\u00a0\u00bb transparent_background=\u00a0\u00bboff\u00a0\u00bb padding_mobile=\u00a0\u00bboff\u00a0\u00bb make_fullwidth=\u00a0\u00bboff\u00a0\u00bb use_custom_width=\u00a0\u00bboff\u00a0\u00bb width_unit=\u00a0\u00bbon\u00a0\u00bb collapsed=\u00a0\u00bboff\u00a0\u00bb global_colors_info=\u00a0\u00bb{}\u00a0\u00bb][et_pb_row padding_mobile=\u00a0\u00bboff\u00a0\u00bb column_padding_mobile=\u00a0\u00bbon\u00a0\u00bb admin_label=\u00a0\u00bbrow\u00a0\u00bb _builder_version=\u00a0\u00bb3.25&Prime; background_color=\u00a0\u00bbrgba(255,255,255,0)\u00a0\u00bb background_size=\u00a0\u00bbinitial\u00a0\u00bb background_position=\u00a0\u00bbtop_left\u00a0\u00bb background_repeat=\u00a0\u00bbrepeat\u00a0\u00bb make_fullwidth=\u00a0\u00bboff\u00a0\u00bb use_custom_width=\u00a0\u00bboff\u00a0\u00bb width_unit=\u00a0\u00bbon\u00a0\u00bb collapsed=\u00a0\u00bbon\u00a0\u00bb global_colors_info=\u00a0\u00bb{}\u00a0\u00bb][et_pb_column type=\u00a0\u00bb4_4&Prime; _builder_version=\u00a0\u00bb3.25&Prime; background_color=\u00a0\u00bbrgba(255,255,255,0)\u00a0\u00bb custom_padding=\u00a0\u00bb|||\u00a0\u00bb global_colors_info=\u00a0\u00bb{}\u00a0\u00bb custom_padding__hover=\u00a0\u00bb|||\u00a0\u00bb][et_pb_text admin_label=\u00a0\u00bbCONCOURS NOUVELLES\u00a0\u00bb _builder_version=\u00a0\u00bb4.14.2&Prime; text_font=\u00a0\u00bbCuprum|on|||\u00a0\u00bb text_text_color=\u00a0\u00bb#ffffff\u00a0\u00bb text_font_size=\u00a0\u00bb28&Prime; text_line_height=\u00a0\u00bb1.8em\u00a0\u00bb background_color=\u00a0\u00bbrgba(255,255,255,0)\u00a0\u00bb background_size=\u00a0\u00bbinitial\u00a0\u00bb background_position=\u00a0\u00bbtop_left\u00a0\u00bb background_repeat=\u00a0\u00bbrepeat\u00a0\u00bb text_orientation=\u00a0\u00bbcenter\u00a0\u00bb module_alignment=\u00a0\u00bbcenter\u00a0\u00bb custom_margin=\u00a0\u00bb0px||0px|\u00a0\u00bb custom_margin_last_edited=\u00a0\u00bboff|desktop\u00a0\u00bb custom_padding=\u00a0\u00bb0px||0px|\u00a0\u00bb text_font_size_tablet=\u00a0\u00bb\u00a0\u00bb text_font_size_phone=\u00a0\u00bb\u00a0\u00bb text_font_size_last_edited=\u00a0\u00bbon|phone\u00a0\u00bb use_border_color=\u00a0\u00bboff\u00a0\u00bb border_color=\u00a0\u00bb#000000&Prime; border_style=\u00a0\u00bbsolid\u00a0\u00bb global_colors_info=\u00a0\u00bb{}\u00a0\u00bb]<\/p>\n<p>CONCOURS DE NOUVELLES et DE FILMS<\/p>\n<div id=\"ConnectiveDocSignExtentionInstalled\" data-extension-version=\"1.0.4\">\u00a0<\/div>\n<div id=\"sconnect-is-installed\" style=\"display: none;\">2.12.0.0<\/div>\n<p>[\/et_pb_text][\/et_pb_column][\/et_pb_row][\/et_pb_section][et_pb_section fb_built=\u00a0\u00bb1&Prime; _builder_version=\u00a0\u00bb4.7.1&Prime; _module_preset=\u00a0\u00bbdefault\u00a0\u00bb collapsed=\u00a0\u00bboff\u00a0\u00bb global_colors_info=\u00a0\u00bb{}\u00a0\u00bb][et_pb_row _builder_version=\u00a0\u00bb4.7.1&Prime; _module_preset=\u00a0\u00bbdefault\u00a0\u00bb collapsed=\u00a0\u00bboff\u00a0\u00bb global_colors_info=\u00a0\u00bb{}\u00a0\u00bb][et_pb_column type=\u00a0\u00bb4_4&Prime; _builder_version=\u00a0\u00bb4.7.1&Prime; _module_preset=\u00a0\u00bbdefault\u00a0\u00bb global_colors_info=\u00a0\u00bb{}\u00a0\u00bb][et_pb_code admin_label=\u00a0\u00bbCONCOURS DE NOUVELLES\u00a0\u00bb _builder_version=\u00a0\u00bb4.14.2&Prime; _module_preset=\u00a0\u00bbdefault\u00a0\u00bb background_color=\u00a0\u00bb#ffffff\u00a0\u00bb text_orientation=\u00a0\u00bbcenter\u00a0\u00bb module_alignment=\u00a0\u00bbcenter\u00a0\u00bb box_shadow_style=\u00a0\u00bbpreset2&Prime; locked=\u00a0\u00bboff\u00a0\u00bb global_colors_info=\u00a0\u00bb{}\u00a0\u00bb]CONCOURS DE NOUVELLES PRIM\u00c9ES EN 2020-2021 SUR LE TH\u00c8ME DU VOYAGE[\/et_pb_code][\/et_pb_column][\/et_pb_row][et_pb_row column_structure=\u00a0\u00bb1_3,1_3,1_3&Prime; _builder_version=\u00a0\u00bb4.7.1&Prime; _module_preset=\u00a0\u00bbdefault\u00a0\u00bb collapsed=\u00a0\u00bboff\u00a0\u00bb global_colors_info=\u00a0\u00bb{}\u00a0\u00bb][et_pb_column type=\u00a0\u00bb1_3&Prime; _builder_version=\u00a0\u00bb4.7.1&Prime; _module_preset=\u00a0\u00bbdefault\u00a0\u00bb global_colors_info=\u00a0\u00bb{}\u00a0\u00bb][et_pb_image src=\u00a0\u00bbhttp:\/\/www.sv-sf.be\/SFXL\/wp-content\/uploads\/2021\/07\/gold.png\u00a0\u00bb title_text=\u00a0\u00bbgold\u00a0\u00bb align=\u00a0\u00bbcenter\u00a0\u00bb admin_label=\u00a0\u00bbPREMIER PRIX\u00a0\u00bb _builder_version=\u00a0\u00bb4.7.1&Prime; _module_preset=\u00a0\u00bbdefault\u00a0\u00bb global_colors_info=\u00a0\u00bb{}\u00a0\u00bb][\/et_pb_image][et_pb_text admin_label=\u00a0\u00bbN\u00e9a Lorenz\u00a0\u00bb _builder_version=\u00a0\u00bb4.7.1&Prime; _module_preset=\u00a0\u00bbdefault\u00a0\u00bb global_colors_info=\u00a0\u00bb{}\u00a0\u00bb]Premier Prix dans la cat\u00e9gorie des moins de 15 ans<br \/>\n<a title=\"De la vie \u00e0 la mort de N\u00e9a Lorenz\" href=\"http:\/\/www.sv-sf.be\/SFXL\/wp-content\/uploads\/2021\/07\/1e_prix_Moins_15ans_Nea-Lorenz_De-la-vie-a-la-mort.pdf\" target=\"_blank\" rel=\"noopener noreferrer\">De la vie \u00e0 la mort de N\u00e9a Lorenz [PDF]<\/a>[\/et_pb_text][et_pb_text admin_label=\u00a0\u00bbVictoria Mendaka\u00a0\u00bb _builder_version=\u00a0\u00bb4.7.1&Prime; _module_preset=\u00a0\u00bbdefault\u00a0\u00bb global_colors_info=\u00a0\u00bb{}\u00a0\u00bb]Premier Prix dans la cat\u00e9gorie des moins de 15 ans<br \/>\n<a title=\"La fronti\u00e8re oubliable de Victoria Mendaka\" href=\"http:\/\/www.sv-sf.be\/SFXL\/wp-content\/uploads\/2021\/07\/1e_prix_Moins_15ans_Victoria-Mendaka_La-frontiere-oubliable.pdf\" target=\"_blank\" rel=\"noopener noreferrer\">La fronti\u00e8re oubliable de Victoria Mendaka [PDF]<\/a>[\/et_pb_text][et_pb_text admin_label=\u00a0\u00bbZo\u00e9 Harnie\u00a0\u00bb _builder_version=\u00a0\u00bb4.7.1&Prime; _module_preset=\u00a0\u00bbdefault\u00a0\u00bb global_colors_info=\u00a0\u00bb{}\u00a0\u00bb]Premier Prix dans la cat\u00e9gorie des plus de 15 ans<br \/>\n<a title=\"Mon cher blog de Zo\u00e9 Harnie\" href=\"http:\/\/www.sv-sf.be\/SFXL\/wp-content\/uploads\/2021\/07\/1e_prix_Plus_15ans_Zoe-Harnie_Mon-cher-blog.pdf\" target=\"_blank\" rel=\"noopener noreferrer\">Mon cher blog de Zo\u00e9 Harnie [PDF]<\/a>[\/et_pb_text][\/et_pb_column][et_pb_column type=\u00a0\u00bb1_3&Prime; _builder_version=\u00a0\u00bb4.7.1&Prime; _module_preset=\u00a0\u00bbdefault\u00a0\u00bb global_colors_info=\u00a0\u00bb{}\u00a0\u00bb][et_pb_image src=\u00a0\u00bbhttp:\/\/www.sv-sf.be\/SFXL\/wp-content\/uploads\/2021\/07\/silver.png\u00a0\u00bb title_text=\u00a0\u00bbsilver\u00a0\u00bb align=\u00a0\u00bbcenter\u00a0\u00bb admin_label=\u00a0\u00bbDEUXIEME PRIX\u00a0\u00bb _builder_version=\u00a0\u00bb4.7.1&Prime; _module_preset=\u00a0\u00bbdefault\u00a0\u00bb global_colors_info=\u00a0\u00bb{}\u00a0\u00bb][\/et_pb_image][et_pb_text admin_label=\u00a0\u00bbMaeva Koudou\u00a0\u00bb _builder_version=\u00a0\u00bb4.7.1&Prime; _module_preset=\u00a0\u00bbdefault\u00a0\u00bb global_colors_info=\u00a0\u00bb{}\u00a0\u00bb]Deuxi\u00e8me Prix dans la cat\u00e9gorie des moins de 15 ans<br \/>\n<a title=\"Boza, l'enfant de la mer de Maeva Koudou\" href=\"http:\/\/www.sv-sf.be\/SFXL\/wp-content\/uploads\/2021\/07\/2e_prix_Moins_15ans_Maeva-Koudou_Boza-Enfant-de-la-mer.pdf\" target=\"_blank\" rel=\"noopener noreferrer\">Boza, l&rsquo;enfant de la mer de Maeva Koudou [PDF]<\/a>[\/et_pb_text][et_pb_text admin_label=\u00a0\u00bbNina-Tula Al-Bayati\u00a0\u00bb _builder_version=\u00a0\u00bb4.7.1&Prime; _module_preset=\u00a0\u00bbdefault\u00a0\u00bb global_colors_info=\u00a0\u00bb{}\u00a0\u00bb]Deuxi\u00e8me Prix dans la cat\u00e9gorie des plus de 15 ans<br \/>\n<a title=\"M\u00e9lanine de Nina-Tula Al-Bayati\" href=\"http:\/\/www.sv-sf.be\/SFXL\/wp-content\/uploads\/2021\/07\/2e_prix_Plus_15ans_Mina-Tula-Al-Bayati_Melanine.pdf\" target=\"_blank\" rel=\"noopener noreferrer\">M\u00e9lanine de Nina-Tula Al-Bayati [PDF]<\/a>[\/et_pb_text][\/et_pb_column][et_pb_column type=\u00a0\u00bb1_3&Prime; _builder_version=\u00a0\u00bb4.7.1&Prime; _module_preset=\u00a0\u00bbdefault\u00a0\u00bb global_colors_info=\u00a0\u00bb{}\u00a0\u00bb][et_pb_image src=\u00a0\u00bbhttp:\/\/www.sv-sf.be\/SFXL\/wp-content\/uploads\/2021\/07\/bronze.png\u00a0\u00bb title_text=\u00a0\u00bbbronze\u00a0\u00bb align=\u00a0\u00bbcenter\u00a0\u00bb admin_label=\u00a0\u00bbTROISIEME PRIX\u00a0\u00bb _builder_version=\u00a0\u00bb4.7.1&Prime; _module_preset=\u00a0\u00bbdefault\u00a0\u00bb global_colors_info=\u00a0\u00bb{}\u00a0\u00bb][\/et_pb_image][et_pb_text admin_label=\u00a0\u00bbMadalena Alves Fernandes\u00a0\u00bb _builder_version=\u00a0\u00bb4.7.1&Prime; _module_preset=\u00a0\u00bbdefault\u00a0\u00bb global_colors_info=\u00a0\u00bb{}\u00a0\u00bb]Troisi\u00e8me Prix dans la cat\u00e9gorie des plus de 15 ans<br \/>\n<a title=\"Le voyage de la vie de Madalena Alves Fernandes\" href=\"http:\/\/www.sv-sf.be\/SFXL\/wp-content\/uploads\/2021\/07\/3e_prix_Plus_15ans_Madalena-Alves-Fernandes_Le-voyage-de-la-vie.pdf\" target=\"_blank\" rel=\"noopener noreferrer\">Le voyage de la vie de Madalena Alves Fernandes [PDF]<\/a>[\/et_pb_text][\/et_pb_column][\/et_pb_row][et_pb_row _builder_version=\u00a0\u00bb4.7.1&Prime; _module_preset=\u00a0\u00bbdefault\u00a0\u00bb collapsed=\u00a0\u00bboff\u00a0\u00bb global_colors_info=\u00a0\u00bb{}\u00a0\u00bb][et_pb_column type=\u00a0\u00bb4_4&Prime; _builder_version=\u00a0\u00bb4.7.1&Prime; _module_preset=\u00a0\u00bbdefault\u00a0\u00bb global_colors_info=\u00a0\u00bb{}\u00a0\u00bb][et_pb_divider _builder_version=\u00a0\u00bb4.7.1&Prime; _module_preset=\u00a0\u00bbdefault\u00a0\u00bb global_colors_info=\u00a0\u00bb{}\u00a0\u00bb][\/et_pb_divider][\/et_pb_column][\/et_pb_row][et_pb_row disabled_on=\u00a0\u00bboff|off|off\u00a0\u00bb _builder_version=\u00a0\u00bb3.25&Prime; background_size=\u00a0\u00bbinitial\u00a0\u00bb background_position=\u00a0\u00bbtop_left\u00a0\u00bb background_repeat=\u00a0\u00bbrepeat\u00a0\u00bb locked=\u00a0\u00bboff\u00a0\u00bb global_colors_info=\u00a0\u00bb{}\u00a0\u00bb][et_pb_column type=\u00a0\u00bb4_4&Prime; _builder_version=\u00a0\u00bb3.25&Prime; custom_padding=\u00a0\u00bb|||\u00a0\u00bb global_colors_info=\u00a0\u00bb{}\u00a0\u00bb custom_padding__hover=\u00a0\u00bb|||\u00a0\u00bb][et_pb_code admin_label=\u00a0\u00bbCONCOURS DE FILMS 2023&Prime; _builder_version=\u00a0\u00bb4.14.2&Prime; _module_preset=\u00a0\u00bbdefault\u00a0\u00bb background_color=\u00a0\u00bb#ffffff\u00a0\u00bb text_orientation=\u00a0\u00bbcenter\u00a0\u00bb module_alignment=\u00a0\u00bbcenter\u00a0\u00bb box_shadow_style=\u00a0\u00bbpreset2&Prime; global_colors_info=\u00a0\u00bb{}\u00a0\u00bb]CONCOURS DE FILMS 2023[\/et_pb_code][et_pb_video src=\u00a0\u00bbhttps:\/\/www.sv-sf.be\/SFXL\/wp-content\/uploads\/2023\/04\/VARIADO_College_Saint_Francois.mp4&Prime; thumbnail_overlay_color=\u00a0\u00bbrgba(0,0,0,0.6)\u00a0\u00bb src_last_edited=\u00a0\u00bboff|phone\u00a0\u00bb src_webm_last_edited=\u00a0\u00bboff|desktop\u00a0\u00bb admin_label=\u00a0\u00bbFILM VARIADO\u00a0\u00bb _builder_version=\u00a0\u00bb4.14.2&Prime; _module_preset=\u00a0\u00bbdefault\u00a0\u00bb global_colors_info=\u00a0\u00bb{}\u00a0\u00bb src_webm__hover_enabled=\u00a0\u00bboff|desktop\u00a0\u00bb][\/et_pb_video][et_pb_text _builder_version=\u00a0\u00bb4.14.2&Prime; _module_preset=\u00a0\u00bbdefault\u00a0\u00bb hover_enabled=\u00a0\u00bb0&Prime; global_colors_info=\u00a0\u00bb{}\u00a0\u00bb sticky_enabled=\u00a0\u00bb0&Prime;]<\/p>\n<p style=\"text-align: center;\">VARIADO, court m\u00e9trage r\u00e9alis\u00e9 par des \u00e9l\u00e8ves du Coll\u00e8ge et deux de leurs professeurs, Madame Halbert et Monsieur Jadin.<\/p>\n<h3 style=\"text-align: center;\">Ce film du festival \u00ab\u00a0A Films ouverts\u00a0\u00bb a \u00e9t\u00e9 \u00e9lu le 3\u00e8me coup de c\u0153ur du public !<\/h3>\n<div id=\"sconnect-is-installed\" style=\"display: none;\">2.12.0.0<\/div>\n<div id=\"sconnect-is-installed\" style=\"display: none;\">2.12.0.0<\/div>\n<div id=\"sconnect-is-installed\" style=\"display: none;\">2.12.0.0<\/div>\n<div id=\"ConnectiveDocSignExtentionInstalled\" data-extension-version=\"1.0.4\">\u00a0<\/div>\n<div id=\"sconnect-is-installed\" style=\"display: none;\">2.12.0.0<\/div>\n<p>[\/et_pb_text][\/et_pb_column][\/et_pb_row][\/et_pb_section]<\/p>\n","protected":false},"excerpt":{"rendered":"<p>CONCOURS DE NOUVELLES et DE FILMS \u00a0 2.12.0.0Premier Prix dans la cat\u00e9gorie des moins de 15 ans De la vie \u00e0 la mort de N\u00e9a Lorenz [PDF]Premier Prix dans la cat\u00e9gorie des moins de 15 ans La fronti\u00e8re oubliable de Victoria Mendaka [PDF]Premier Prix dans la cat\u00e9gorie des plus de 15 ans Mon cher blog [&hellip;]<\/p>\n","protected":false},"author":1,"featured_media":0,"parent":0,"menu_order":0,"comment_status":"closed","ping_status":"closed","template":"","meta":{"_et_pb_use_builder":"on","_et_pb_old_content":"","_et_gb_content_width":"","footnotes":""},"class_list":["post-3368","page","type-page","status-publish","hentry"],"_links":{"self":[{"href":"http:\/\/www.sv-sf.be\/SFXL\/index.php?rest_route=\/wp\/v2\/pages\/3368","targetHints":{"allow":["GET"]}}],"collection":[{"href":"http:\/\/www.sv-sf.be\/SFXL\/index.php?rest_route=\/wp\/v2\/pages"}],"about":[{"href":"http:\/\/www.sv-sf.be\/SFXL\/index.php?rest_route=\/wp\/v2\/types\/page"}],"author":[{"embeddable":true,"href":"http:\/\/www.sv-sf.be\/SFXL\/index.php?rest_route=\/wp\/v2\/users\/1"}],"replies":[{"embeddable":true,"href":"http:\/\/www.sv-sf.be\/SFXL\/index.php?rest_route=%2Fwp%2Fv2%2Fcomments&post=3368"}],"version-history":[{"count":51,"href":"http:\/\/www.sv-sf.be\/SFXL\/index.php?rest_route=\/wp\/v2\/pages\/3368\/revisions"}],"predecessor-version":[{"id":3952,"href":"http:\/\/www.sv-sf.be\/SFXL\/index.php?rest_route=\/wp\/v2\/pages\/3368\/revisions\/3952"}],"wp:attachment":[{"href":"http:\/\/www.sv-sf.be\/SFXL\/index.php?rest_route=%2Fwp%2Fv2%2Fmedia&parent=3368"}],"curies":[{"name":"wp","href":"https:\/\/api.w.org\/{rel}","templated":true}]}}