{"id":569,"date":"2016-04-04T22:01:00","date_gmt":"2016-04-04T21:01:00","guid":{"rendered":"http:\/\/www.sv-sf.be\/SVXL\/?page_id=569"},"modified":"2026-04-17T11:14:34","modified_gmt":"2026-04-17T09:14:34","slug":"projet-pedagogique","status":"publish","type":"page","link":"https:\/\/www.sv-sf.be\/SVXL\/?page_id=569","title":{"rendered":"PROJET P\u00c9DAGOGIQUE"},"content":{"rendered":"<p>[et_pb_section fb_built=\u00a0\u00bb1&Prime; custom_padding_last_edited=\u00a0\u00bbon|desktop\u00a0\u00bb admin_label=\u00a0\u00bbsection\u00a0\u00bb _builder_version=\u00a0\u00bb4.16&Prime; background_color=\u00a0\u00bb#004080&Prime; background_image=\u00a0\u00bbhttps:\/\/www.sv-sf.be\/SVXL\/wp-content\/uploads\/2016\/05\/fond_menu.jpg\u00a0\u00bb custom_padding_tablet=\u00a0\u00bb50px|0|50px|0&Prime; custom_padding_phone=\u00a0\u00bb\u00a0\u00bb transparent_background=\u00a0\u00bboff\u00a0\u00bb padding_mobile=\u00a0\u00bboff\u00a0\u00bb make_fullwidth=\u00a0\u00bboff\u00a0\u00bb use_custom_width=\u00a0\u00bboff\u00a0\u00bb width_unit=\u00a0\u00bbon\u00a0\u00bb global_colors_info=\u00a0\u00bb{}\u00a0\u00bb][et_pb_row padding_mobile=\u00a0\u00bboff\u00a0\u00bb column_padding_mobile=\u00a0\u00bbon\u00a0\u00bb admin_label=\u00a0\u00bbrow\u00a0\u00bb _builder_version=\u00a0\u00bb4.16&Prime; background_color=\u00a0\u00bbrgba(255,255,255,0)\u00a0\u00bb background_size=\u00a0\u00bbinitial\u00a0\u00bb background_position=\u00a0\u00bbtop_left\u00a0\u00bb background_repeat=\u00a0\u00bbrepeat\u00a0\u00bb make_fullwidth=\u00a0\u00bboff\u00a0\u00bb use_custom_width=\u00a0\u00bboff\u00a0\u00bb width_unit=\u00a0\u00bbon\u00a0\u00bb global_colors_info=\u00a0\u00bb{}\u00a0\u00bb][et_pb_column type=\u00a0\u00bb4_4&Prime; _builder_version=\u00a0\u00bb4.16&Prime; background_color=\u00a0\u00bbrgba(255,255,255,0)\u00a0\u00bb custom_padding=\u00a0\u00bb|||\u00a0\u00bb global_colors_info=\u00a0\u00bb{}\u00a0\u00bb custom_padding__hover=\u00a0\u00bb|||\u00a0\u00bb][et_pb_text admin_label=\u00a0\u00bbPROJET P\u00c9DAGOGIQUE\u00a0\u00bb _builder_version=\u00a0\u00bb4.16&Prime; text_font=\u00a0\u00bbCuprum|on|||\u00a0\u00bb text_text_color=\u00a0\u00bb#ffffff\u00a0\u00bb text_font_size=\u00a0\u00bb28&Prime; text_line_height=\u00a0\u00bb1.8em\u00a0\u00bb background_color=\u00a0\u00bbrgba(255,255,255,0)\u00a0\u00bb background_size=\u00a0\u00bbinitial\u00a0\u00bb background_position=\u00a0\u00bbtop_left\u00a0\u00bb background_repeat=\u00a0\u00bbrepeat\u00a0\u00bb text_orientation=\u00a0\u00bbcenter\u00a0\u00bb module_alignment=\u00a0\u00bbcenter\u00a0\u00bb custom_margin=\u00a0\u00bb0px||0px|\u00a0\u00bb custom_padding=\u00a0\u00bb0px||0px|\u00a0\u00bb text_font_size_last_edited=\u00a0\u00bboff|phone\u00a0\u00bb use_border_color=\u00a0\u00bboff\u00a0\u00bb border_color=\u00a0\u00bb#000000&Prime; border_style=\u00a0\u00bbsolid\u00a0\u00bb global_colors_info=\u00a0\u00bb{}\u00a0\u00bb]PROJET P\u00c9DAGOGIQUE<br \/>\n[\/et_pb_text][\/et_pb_column][\/et_pb_row][\/et_pb_section][et_pb_section fb_built=\u00a0\u00bb1&Prime; custom_padding_last_edited=\u00a0\u00bbon|desktop\u00a0\u00bb admin_label=\u00a0\u00bbSection\u00a0\u00bb _builder_version=\u00a0\u00bb4.16&Prime; background_color=\u00a0\u00bb#e6e6fa\u00a0\u00bb custom_padding_tablet=\u00a0\u00bb50px|0|50px|0&Prime; custom_padding_phone=\u00a0\u00bb\u00a0\u00bb transparent_background=\u00a0\u00bboff\u00a0\u00bb padding_mobile=\u00a0\u00bboff\u00a0\u00bb make_fullwidth=\u00a0\u00bboff\u00a0\u00bb use_custom_width=\u00a0\u00bboff\u00a0\u00bb width_unit=\u00a0\u00bbon\u00a0\u00bb global_colors_info=\u00a0\u00bb{}\u00a0\u00bb][et_pb_row column_structure=\u00a0\u00bb1_3,2_3&Prime; admin_label=\u00a0\u00bbLigne\u00a0\u00bb _builder_version=\u00a0\u00bb4.16&Prime; background_size=\u00a0\u00bbinitial\u00a0\u00bb background_position=\u00a0\u00bbtop_left\u00a0\u00bb background_repeat=\u00a0\u00bbrepeat\u00a0\u00bb global_colors_info=\u00a0\u00bb{}\u00a0\u00bb][et_pb_column type=\u00a0\u00bb1_3&Prime; _builder_version=\u00a0\u00bb4.16&Prime; custom_padding=\u00a0\u00bb|||\u00a0\u00bb global_colors_info=\u00a0\u00bb{}\u00a0\u00bb custom_padding__hover=\u00a0\u00bb|||\u00a0\u00bb][et_pb_image src=\u00a0\u00bbhttps:\/\/www.sv-sf.be\/SVXL\/wp-content\/uploads\/2016\/05\/projet_illustration.jpg\u00a0\u00bb align_tablet=\u00a0\u00bbcenter\u00a0\u00bb align_phone=\u00a0\u00bb\u00a0\u00bb align_last_edited=\u00a0\u00bbon|desktop\u00a0\u00bb admin_label=\u00a0\u00bbPHOTO\u00a0\u00bb _builder_version=\u00a0\u00bb4.16&Prime; animation_style=\u00a0\u00bbslide\u00a0\u00bb animation_direction=\u00a0\u00bbleft\u00a0\u00bb animation_duration=\u00a0\u00bb500ms\u00a0\u00bb animation_intensity_slide=\u00a0\u00bb10%\u00a0\u00bb border_width_all=\u00a0\u00bb1px\u00a0\u00bb border_color_all=\u00a0\u00bb#004080&Prime; border_style_all=\u00a0\u00bbsolid\u00a0\u00bb use_border_color=\u00a0\u00bbon\u00a0\u00bb border_color=\u00a0\u00bb#004080&Prime; border_style=\u00a0\u00bbsolid\u00a0\u00bb animation=\u00a0\u00bbleft\u00a0\u00bb sticky=\u00a0\u00bboff\u00a0\u00bb always_center_on_mobile=\u00a0\u00bbon\u00a0\u00bb global_colors_info=\u00a0\u00bb{}\u00a0\u00bb][\/et_pb_image][et_pb_toggle title=\u00a0\u00bbDOCUMENT DISPONIBLE\u00a0\u00bb open=\u00a0\u00bbon\u00a0\u00bb admin_label=\u00a0\u00bbPDF\u00a0\u00bb _builder_version=\u00a0\u00bb4.27.6&Prime; title_text_color=\u00a0\u00bb#004080&Prime; title_font=\u00a0\u00bb|on||on|\u00a0\u00bb body_font=\u00a0\u00bb|on||on|\u00a0\u00bb body_font_size=\u00a0\u00bb16&Prime; background_size=\u00a0\u00bbinitial\u00a0\u00bb background_position=\u00a0\u00bbtop_left\u00a0\u00bb background_repeat=\u00a0\u00bbrepeat\u00a0\u00bb hover_enabled=\u00a0\u00bb0&Prime; title_font_size_tablet=\u00a0\u00bb\u00a0\u00bb title_font_size_phone=\u00a0\u00bb18&Prime; title_font_size_last_edited=\u00a0\u00bbon|phone\u00a0\u00bb body_font_size_tablet=\u00a0\u00bb\u00a0\u00bb body_font_size_phone=\u00a0\u00bb18&Prime; body_font_size_last_edited=\u00a0\u00bbon|phone\u00a0\u00bb use_border_color=\u00a0\u00bboff\u00a0\u00bb border_color=\u00a0\u00bb#ffffff\u00a0\u00bb border_style=\u00a0\u00bbsolid\u00a0\u00bb saved_tabs=\u00a0\u00bball\u00a0\u00bb global_colors_info=\u00a0\u00bb{}\u00a0\u00bb sticky_enabled=\u00a0\u00bb0&Prime;]<\/p>\n<ul>\n<li><a href=\"https:\/\/www.sv-sf.be\/SVXL\/wp-content\/uploads\/2026\/04\/projet_pedagogique.pdf\" target=\"_blank\" rel=\"noopener noreferrer\">Projet p\u00e9dagogique [PDF]<\/a><\/li>\n<\/ul>\n<p>[\/et_pb_toggle][\/et_pb_column][et_pb_column type=\u00a0\u00bb2_3&Prime; _builder_version=\u00a0\u00bb4.16&Prime; custom_padding=\u00a0\u00bb|||\u00a0\u00bb global_colors_info=\u00a0\u00bb{}\u00a0\u00bb custom_padding__hover=\u00a0\u00bb|||\u00a0\u00bb][et_pb_text admin_label=\u00a0\u00bbTexte\u00a0\u00bb _builder_version=\u00a0\u00bb4.27.6&Prime; text_text_color=\u00a0\u00bb#000000&Prime; text_font_size=\u00a0\u00bb15&Prime; background_size=\u00a0\u00bbinitial\u00a0\u00bb background_position=\u00a0\u00bbtop_left\u00a0\u00bb background_repeat=\u00a0\u00bbrepeat\u00a0\u00bb text_orientation=\u00a0\u00bbjustified\u00a0\u00bb custom_margin=\u00a0\u00bb0px|||\u00a0\u00bb text_font_size_tablet=\u00a0\u00bb\u00a0\u00bb text_font_size_phone=\u00a0\u00bb17&Prime; text_font_size_last_edited=\u00a0\u00bbon|phone\u00a0\u00bb use_border_color=\u00a0\u00bboff\u00a0\u00bb border_color=\u00a0\u00bb#ffffff\u00a0\u00bb border_style=\u00a0\u00bbsolid\u00a0\u00bb global_colors_info=\u00a0\u00bb{}\u00a0\u00bb]<\/p>\n<p>Pour atteindre les objectifs de son Projet \u00e9ducatif,le Pouvoir Organisateur du Coll\u00e8ge Saint Vincent \u2013 Saint Fran\u00e7ois propose un <strong>PROJET P\u00c9DAGOGIQUE<\/strong> dont les lignes directrices sont les suivantes :<\/p>\n<p>1. Les techniques et les savoirs transmis seront r\u00e9guli\u00e8rement actualis\u00e9s, ce qui suppose, entre autres, une <strong>FORMATION CONTINUE DES ENSEIGNANTS<\/strong>, des \u00e9changes professionnels effectifs entre eux, la prise en compte des r\u00e9alit\u00e9s culturelles, sociales, \u00e9conomiques et professionnelles contemporaines.<\/p>\n<p>2. Les technologies nouvelles, la pratique de stages, les visites hors de l\u2019\u00e9cole, etc seront au service d\u2019une <strong>FORMATION APPROPRI\u00c9E<\/strong> aux besoins divers des <strong>\u00c9L\u00c8VES<\/strong>.<\/p>\n<p>3. Les <strong>M\u00c9THODES<\/strong> qui favorisent l\u2019autonomie des \u00e9l\u00e8ves, le d\u00e9veloppement de leur curiosit\u00e9 et leur capacit\u00e9 d\u2019apprendre par eux-m\u00eames seront privil\u00e9gi\u00e9es. Aussi, une place centrale sera faite au questionnement, au dialogue, \u00e0 la confrontation des points de vue, \u00e0 l\u2019analyse et \u00e0 la synth\u00e8se, \u00e0 la r\u00e9solution de probl\u00e8mes concrets, aux travaux de recherche, aux enqu\u00eates, \u00e0 l\u2019interdisciplinaire, etc.<\/p>\n<p>4. Les enseignants auront le souci de doter chaque \u00e9l\u00e8ve des comp\u00e9tences et des savoirs n\u00e9cessaires \u00e0 l\u2019\u00e9laboration et \u00e0 la poursuite de son projet personnel, exigeant de chacun son maximum d\u2019excellence. Ils favorisent l&rsquo;<strong>\u00c9GALIT\u00c9 DES CHANCES<\/strong> en assurant \u00e0 chacun l\u2019attention et les moyens \u00e0 la mesure de ses besoins.<\/p>\n<p>5. Le <strong>TRAVAIL EN \u00c9QUIPE<\/strong>, o\u00f9 une r\u00e9ussite personnelle partag\u00e9e transcende rivalit\u00e9 et concurrence, sera pratiqu\u00e9 tant par les professeurs que par les \u00e9l\u00e8ves, en vue de favoriser l\u2019esprit d\u2019\u00e9quipe, de collaboration, de solidarit\u00e9, de saine \u00e9mulation.<\/p>\n<p>6. La vie en commun, le respect r\u00e9ciproque, le refus de toute violence et une progressive int\u00e9riorisation de la loi seront favoris\u00e9s par un <strong>R\u00c8GLEMENT<\/strong> clair et coh\u00e9rent, connu de tous, partag\u00e9 et respect\u00e9 par tous, \u00e9l\u00e8ves, enseignants, \u00e9ducateurs et parents, en vue de l\u2019apprentissage de la <strong>CITOYENNET\u00c9 RESPONSABLE<\/strong>.<\/p>\n<p>7. L\u2019implantation Saint-Fran\u00e7ois passe en organisation P90 : les p\u00e9riodes de cours passent de 50 \u00e0 90 minutes. Cette organisation pr\u00e9sente de multiples avantages dont principalement que les \u00e9l\u00e8ves auront maximum 4 cours par jours, avec un r\u00e9el b\u00e9n\u00e9fice cognitif. Les rem\u00e9diations sont internalis\u00e9es aux cours, les professeurs et les \u00e9l\u00e8ves ont plus de temps pour les interrogations, <br \/>Clairement, les p\u00e9riodes de cours sont repens\u00e9es et alternent des moments d\u2019apprentissages th\u00e9oriques, pratiques, des rem\u00e9diations, des interrogations.<br \/>Enfin, cela permet au Coll\u00e8ge d\u2019organiser une plage P90 par semaine consacr\u00e9e \u00e0 l\u2019organisation d\u2019ateliers (activit\u00e9s culturelles, scientifiques, ludiques, artistiques, sportives, culinaires, etc.).<\/p>\n<p>Les menus d\u2019activit\u00e9s vari\u00e9es sont \u00e9labor\u00e9s. Les ateliers s\u2019\u00e9tendent sur 3 p\u00e9riodes, de d\u00e9but novembre \u00e0 fin avril. Les \u00e9l\u00e8ves ont l\u2019occasion de participer \u00e0 3 ateliers par ans, de types diff\u00e9rents.<\/p>\n<p>En d\u00e9but d\u2019ann\u00e9e, la 1\u00e8re p\u00e9riode d\u2019atelier est remplac\u00e9e par de la remise \u00e0 niveau obligatoire pour les \u00e9l\u00e8ves qui en ont besoin (d\u00e9cision des conseils de classe de juin de l\u2019ann\u00e9e pr\u00e9c\u00e9dente, en fonction des r\u00e9sultats des \u00e9l\u00e8ves), et des cours de fran\u00e7ais pour les \u00e9l\u00e8ves qui ne ma\u00eetrisent pas suffisamment la langue d\u2019apprentissage. Pour les autres \u00e9l\u00e8ves, nous organisons des activit\u00e9s li\u00e9es \u00e0 l\u2019orientation, la citoyennet\u00e9, la sant\u00e9, mais aussi ludiques ou sportifs.<\/p>\n<p>Lors de la derni\u00e8re p\u00e9riode, les ateliers sont remplac\u00e9s par des cours de rem\u00e9diation et de pr\u00e9paration aux examens, ainsi que des aides \u00e0 l\u2019orientation pour les \u00e9l\u00e8ves.<\/p>\n<p>[\/et_pb_text][\/et_pb_column][\/et_pb_row][\/et_pb_section]<\/p>\n","protected":false},"excerpt":{"rendered":"<p>PROJET P\u00c9DAGOGIQUE Projet p\u00e9dagogique [PDF] Pour atteindre les objectifs de son Projet \u00e9ducatif,le Pouvoir Organisateur du Coll\u00e8ge Saint Vincent \u2013 Saint Fran\u00e7ois propose un PROJET P\u00c9DAGOGIQUE dont les lignes directrices sont les suivantes : 1. Les techniques et les savoirs transmis seront r\u00e9guli\u00e8rement actualis\u00e9s, ce qui suppose, entre autres, une FORMATION CONTINUE DES ENSEIGNANTS, des [&hellip;]<\/p>\n","protected":false},"author":1,"featured_media":0,"parent":0,"menu_order":0,"comment_status":"closed","ping_status":"closed","template":"","meta":{"_et_pb_use_builder":"on","_et_pb_old_content":"","_et_gb_content_width":"","footnotes":""},"class_list":["post-569","page","type-page","status-publish","hentry"],"_links":{"self":[{"href":"https:\/\/www.sv-sf.be\/SVXL\/index.php?rest_route=\/wp\/v2\/pages\/569","targetHints":{"allow":["GET"]}}],"collection":[{"href":"https:\/\/www.sv-sf.be\/SVXL\/index.php?rest_route=\/wp\/v2\/pages"}],"about":[{"href":"https:\/\/www.sv-sf.be\/SVXL\/index.php?rest_route=\/wp\/v2\/types\/page"}],"author":[{"embeddable":true,"href":"https:\/\/www.sv-sf.be\/SVXL\/index.php?rest_route=\/wp\/v2\/users\/1"}],"replies":[{"embeddable":true,"href":"https:\/\/www.sv-sf.be\/SVXL\/index.php?rest_route=%2Fwp%2Fv2%2Fcomments&post=569"}],"version-history":[{"count":2,"href":"https:\/\/www.sv-sf.be\/SVXL\/index.php?rest_route=\/wp\/v2\/pages\/569\/revisions"}],"predecessor-version":[{"id":28280,"href":"https:\/\/www.sv-sf.be\/SVXL\/index.php?rest_route=\/wp\/v2\/pages\/569\/revisions\/28280"}],"wp:attachment":[{"href":"https:\/\/www.sv-sf.be\/SVXL\/index.php?rest_route=%2Fwp%2Fv2%2Fmedia&parent=569"}],"curies":[{"name":"wp","href":"https:\/\/api.w.org\/{rel}","templated":true}]}}