{"id":57,"date":"2016-03-31T11:40:00","date_gmt":"2016-03-31T10:40:00","guid":{"rendered":"http:\/\/www.sv-sf.be\/SVXL\/?page_id=57"},"modified":"2026-02-06T12:24:28","modified_gmt":"2026-02-06T11:24:28","slug":"inscriptions","status":"publish","type":"page","link":"https:\/\/www.sv-sf.be\/SVXL\/?page_id=57","title":{"rendered":"INSCRIPTIONS"},"content":{"rendered":"<p>[et_pb_section fb_built=\u00a0\u00bb1&Prime; custom_padding_last_edited=\u00a0\u00bbon|desktop\u00a0\u00bb admin_label=\u00a0\u00bbsection\u00a0\u00bb _builder_version=\u00a0\u00bb4.16&Prime; background_color=\u00a0\u00bb#004080&Prime; background_image=\u00a0\u00bbhttps:\/\/www.sv-sf.be\/SVXL\/wp-content\/uploads\/2016\/05\/fond_menu.jpg\u00a0\u00bb custom_padding_tablet=\u00a0\u00bb50px|0|50px|0&Prime; custom_padding_phone=\u00a0\u00bb\u00a0\u00bb transparent_background=\u00a0\u00bboff\u00a0\u00bb padding_mobile=\u00a0\u00bboff\u00a0\u00bb global_colors_info=\u00a0\u00bb{}\u00a0\u00bb][et_pb_row padding_mobile=\u00a0\u00bboff\u00a0\u00bb column_padding_mobile=\u00a0\u00bbon\u00a0\u00bb admin_label=\u00a0\u00bbrow\u00a0\u00bb _builder_version=\u00a0\u00bb4.16&Prime; background_color=\u00a0\u00bbrgba(255,255,255,0)\u00a0\u00bb background_size=\u00a0\u00bbinitial\u00a0\u00bb background_position=\u00a0\u00bbtop_left\u00a0\u00bb background_repeat=\u00a0\u00bbrepeat\u00a0\u00bb global_colors_info=\u00a0\u00bb{}\u00a0\u00bb][et_pb_column type=\u00a0\u00bb4_4&Prime; _builder_version=\u00a0\u00bb4.16&Prime; background_color=\u00a0\u00bbrgba(255,255,255,0)\u00a0\u00bb custom_padding=\u00a0\u00bb|||\u00a0\u00bb global_colors_info=\u00a0\u00bb{}\u00a0\u00bb custom_padding__hover=\u00a0\u00bb|||\u00a0\u00bb][et_pb_text admin_label=\u00a0\u00bbINSCRIPTIONS\u00a0\u00bb _builder_version=\u00a0\u00bb4.27.5&Prime; text_font=\u00a0\u00bbCuprum|on|||\u00a0\u00bb text_text_color=\u00a0\u00bb#ffffff\u00a0\u00bb text_font_size=\u00a0\u00bb28&Prime; text_line_height=\u00a0\u00bb1.8em\u00a0\u00bb background_color=\u00a0\u00bbrgba(255,255,255,0)\u00a0\u00bb background_size=\u00a0\u00bbinitial\u00a0\u00bb background_position=\u00a0\u00bbtop_left\u00a0\u00bb background_repeat=\u00a0\u00bbrepeat\u00a0\u00bb text_orientation=\u00a0\u00bbcenter\u00a0\u00bb module_alignment=\u00a0\u00bbcenter\u00a0\u00bb custom_margin=\u00a0\u00bb0px||0px|\u00a0\u00bb custom_padding=\u00a0\u00bb0px||0px|\u00a0\u00bb text_font_size_last_edited=\u00a0\u00bboff|phone\u00a0\u00bb use_border_color=\u00a0\u00bboff\u00a0\u00bb border_color=\u00a0\u00bb#000000&Prime; border_style=\u00a0\u00bbsolid\u00a0\u00bb global_colors_info=\u00a0\u00bb{}\u00a0\u00bb]<\/p>\n<p>INSCRIPTIONS<\/p>\n<p>[\/et_pb_text][\/et_pb_column][\/et_pb_row][\/et_pb_section][et_pb_section fb_built=\u00a0\u00bb1&Prime; custom_padding_last_edited=\u00a0\u00bbon|desktop\u00a0\u00bb _builder_version=\u00a0\u00bb4.16&Prime; background_color=\u00a0\u00bb#e6e6fa\u00a0\u00bb custom_padding_tablet=\u00a0\u00bb50px|0|50px|0&Prime; custom_padding_phone=\u00a0\u00bb\u00a0\u00bb transparent_background=\u00a0\u00bboff\u00a0\u00bb padding_mobile=\u00a0\u00bboff\u00a0\u00bb global_colors_info=\u00a0\u00bb{}\u00a0\u00bb][et_pb_row column_structure=\u00a0\u00bb1_3,2_3&Prime; _builder_version=\u00a0\u00bb4.16&Prime; background_size=\u00a0\u00bbinitial\u00a0\u00bb background_position=\u00a0\u00bbtop_left\u00a0\u00bb background_repeat=\u00a0\u00bbrepeat\u00a0\u00bb global_colors_info=\u00a0\u00bb{}\u00a0\u00bb][et_pb_column type=\u00a0\u00bb1_3&Prime; _builder_version=\u00a0\u00bb4.16&Prime; custom_padding=\u00a0\u00bb|||\u00a0\u00bb global_colors_info=\u00a0\u00bb{}\u00a0\u00bb custom_padding__hover=\u00a0\u00bb|||\u00a0\u00bb][et_pb_image src=\u00a0\u00bbhttps:\/\/www.sv-sf.be\/SVXL\/wp-content\/uploads\/2016\/05\/inscription_illustration.jpg\u00a0\u00bb align=\u00a0\u00bbcenter\u00a0\u00bb align_tablet=\u00a0\u00bbcenter\u00a0\u00bb align_phone=\u00a0\u00bb\u00a0\u00bb align_last_edited=\u00a0\u00bbon|desktop\u00a0\u00bb admin_label=\u00a0\u00bbPHOTO\u00a0\u00bb _builder_version=\u00a0\u00bb4.16&Prime; border_width_all=\u00a0\u00bb1px\u00a0\u00bb border_color_all=\u00a0\u00bb#004080&Prime; border_style_all=\u00a0\u00bbsolid\u00a0\u00bb use_border_color=\u00a0\u00bbon\u00a0\u00bb border_color=\u00a0\u00bb#004080&Prime; border_style=\u00a0\u00bbsolid\u00a0\u00bb animation=\u00a0\u00bboff\u00a0\u00bb sticky=\u00a0\u00bboff\u00a0\u00bb global_colors_info=\u00a0\u00bb{}\u00a0\u00bb]<br \/>\n[\/et_pb_image][et_pb_toggle title=\u00a0\u00bbDOCUMENT\u00a0\u00bb open=\u00a0\u00bbon\u00a0\u00bb admin_label=\u00a0\u00bbINSCRIPTION\u00a0\u00bb _builder_version=\u00a0\u00bb4.27.5&Prime; title_text_color=\u00a0\u00bb#004080&Prime; title_font=\u00a0\u00bb|on||on|\u00a0\u00bb body_font=\u00a0\u00bb|on||on|\u00a0\u00bb body_font_size=\u00a0\u00bb16&Prime; background_size=\u00a0\u00bbinitial\u00a0\u00bb background_position=\u00a0\u00bbtop_left\u00a0\u00bb background_repeat=\u00a0\u00bbrepeat\u00a0\u00bb hover_enabled=\u00a0\u00bb0&Prime; title_font_size_tablet=\u00a0\u00bb\u00a0\u00bb title_font_size_phone=\u00a0\u00bb18&Prime; title_font_size_last_edited=\u00a0\u00bbon|phone\u00a0\u00bb body_font_size_tablet=\u00a0\u00bb\u00a0\u00bb body_font_size_phone=\u00a0\u00bb18&Prime; body_font_size_last_edited=\u00a0\u00bbon|phone\u00a0\u00bb saved_tabs=\u00a0\u00bball\u00a0\u00bb global_colors_info=\u00a0\u00bb{}\u00a0\u00bb sticky_enabled=\u00a0\u00bb0&Prime;]<\/p>\n<ul>\n<li><a href=\"https:\/\/www.sv-sf.be\/SVXL\/wp-content\/uploads\/2026\/02\/Inscription_2026-2027.pdf\" target=\"_blank\" rel=\"noopener noreferrer\">S\u2019INSCRIRE EN PREMI\u00c8RE ANN\u00c9E SECONDAIRE [PDF]<\/a><\/li>\n<\/ul>\n<p>[\/et_pb_toggle][\/et_pb_column][et_pb_column type=\u00a0\u00bb2_3&Prime; _builder_version=\u00a0\u00bb4.16&Prime; custom_padding=\u00a0\u00bb|||\u00a0\u00bb global_colors_info=\u00a0\u00bb{}\u00a0\u00bb custom_padding__hover=\u00a0\u00bb|||\u00a0\u00bb][et_pb_divider divider_position=\u00a0\u00bbcenter\u00a0\u00bb admin_label=\u00a0\u00bbS\u00e9parateur\u00a0\u00bb _builder_version=\u00a0\u00bb4.16&Prime; max_width=\u00a0\u00bb40%\u00a0\u00bb module_alignment=\u00a0\u00bbcenter\u00a0\u00bb global_colors_info=\u00a0\u00bb{}\u00a0\u00bb][\/et_pb_divider][et_pb_text admin_label=\u00a0\u00bbINSCRIPTION 1\u00c8RE\u00a0\u00bb _builder_version=\u00a0\u00bb4.27.5&Prime; text_font=\u00a0\u00bbCuprum|on|||\u00a0\u00bb text_text_color=\u00a0\u00bb#004080&Prime; text_font_size=\u00a0\u00bb18&Prime; text_line_height=\u00a0\u00bb1em\u00a0\u00bb background_size=\u00a0\u00bbinitial\u00a0\u00bb background_position=\u00a0\u00bbtop_left\u00a0\u00bb background_repeat=\u00a0\u00bbrepeat\u00a0\u00bb module_alignment=\u00a0\u00bbleft\u00a0\u00bb custom_margin=\u00a0\u00bb0px||5px|\u00a0\u00bb use_border_color=\u00a0\u00bboff\u00a0\u00bb saved_tabs=\u00a0\u00bball\u00a0\u00bb global_colors_info=\u00a0\u00bb{}\u00a0\u00bb]<\/p>\n<h1 style=\"text-align: center;\"><strong>INSCRIPTIONS 2026-2027 EN PREMI\u00c8RE HUMANIT\u00c9 (1 C)<\/strong><\/h1>\n<h4 style=\"text-align: center;\"><strong><span style=\"color: #c00000;\">Du 02 f\u00e9vrier 2026 au 06 mars 2026 :\u00a0 1\u00e8re phase des inscriptions<\/span><\/strong><\/h4>\n<h4 style=\"text-align: center;\"><strong>Entre le 7 mars 2026 et le 19 avril 2026 inclus : aucune inscription possible<\/strong><\/h4>\n<h4 style=\"text-align: center;\"><strong><span style=\"color: #c00000;\">A partir du 20 avril 2026 : Reprise des inscriptions \u00ab\u00a0chronologiques\u00a0\u00bb<\/span><\/strong><\/h4>\n<h4 style=\"text-align: center;\">Conform\u00e9ment aux dates transmises par la F\u00e9d\u00e9ration Wallonie Bruxelles.<\/h4>\n<div id=\"ConnectiveDocSignExtentionInstalled\" data-extension-version=\"1.0.4\">\u00a0<\/div>\n<p>[\/et_pb_text][et_pb_divider divider_position=\u00a0\u00bbcenter\u00a0\u00bb admin_label=\u00a0\u00bbS\u00e9parateur\u00a0\u00bb _builder_version=\u00a0\u00bb4.16&Prime; max_width=\u00a0\u00bb40%\u00a0\u00bb module_alignment=\u00a0\u00bbcenter\u00a0\u00bb global_colors_info=\u00a0\u00bb{}\u00a0\u00bb][\/et_pb_divider][et_pb_text admin_label=\u00a0\u00bbINSCRIPTION AUTRE\u00a0\u00bb _builder_version=\u00a0\u00bb4.27.4&Prime; text_font=\u00a0\u00bbCuprum|on|||\u00a0\u00bb text_text_color=\u00a0\u00bb#004080&Prime; text_font_size=\u00a0\u00bb18&Prime; text_line_height=\u00a0\u00bb1em\u00a0\u00bb background_size=\u00a0\u00bbinitial\u00a0\u00bb background_position=\u00a0\u00bbtop_left\u00a0\u00bb background_repeat=\u00a0\u00bbrepeat\u00a0\u00bb module_alignment=\u00a0\u00bbleft\u00a0\u00bb custom_margin=\u00a0\u00bb0px||5px|\u00a0\u00bb saved_tabs=\u00a0\u00bball\u00a0\u00bb global_colors_info=\u00a0\u00bb{}\u00a0\u00bb]<\/p>\n<h2 style=\"text-align: center;\">Les inscriptions se font d\u00e8s le mardi 06 janvier 2026<\/h2>\n<h2 style=\"text-align: center;\">en prenant rendez-vous\u00a0au 02 \/ 648 10 70<\/h2>\n<p>[\/et_pb_text][et_pb_divider divider_position=\u00a0\u00bbcenter\u00a0\u00bb admin_label=\u00a0\u00bbS\u00e9parateur\u00a0\u00bb _builder_version=\u00a0\u00bb4.16&Prime; max_width=\u00a0\u00bb40%\u00a0\u00bb module_alignment=\u00a0\u00bbcenter\u00a0\u00bb global_colors_info=\u00a0\u00bb{}\u00a0\u00bb][\/et_pb_divider][\/et_pb_column][\/et_pb_row][\/et_pb_section]<\/p>\n","protected":false},"excerpt":{"rendered":"<p>INSCRIPTIONS S\u2019INSCRIRE EN PREMI\u00c8RE ANN\u00c9E SECONDAIRE [PDF] INSCRIPTIONS 2026-2027 EN PREMI\u00c8RE HUMANIT\u00c9 (1 C) Du 02 f\u00e9vrier 2026 au 06 mars 2026 :\u00a0 1\u00e8re phase des inscriptions Entre le 7 mars 2026 et le 19 avril 2026 inclus : aucune inscription possible A partir du 20 avril 2026 : Reprise des inscriptions \u00ab\u00a0chronologiques\u00a0\u00bb Conform\u00e9ment aux [&hellip;]<\/p>\n","protected":false},"author":1,"featured_media":0,"parent":0,"menu_order":0,"comment_status":"closed","ping_status":"closed","template":"","meta":{"_et_pb_use_builder":"on","_et_pb_old_content":"","_et_gb_content_width":"","footnotes":""},"class_list":["post-57","page","type-page","status-publish","hentry"],"_links":{"self":[{"href":"https:\/\/www.sv-sf.be\/SVXL\/index.php?rest_route=\/wp\/v2\/pages\/57","targetHints":{"allow":["GET"]}}],"collection":[{"href":"https:\/\/www.sv-sf.be\/SVXL\/index.php?rest_route=\/wp\/v2\/pages"}],"about":[{"href":"https:\/\/www.sv-sf.be\/SVXL\/index.php?rest_route=\/wp\/v2\/types\/page"}],"author":[{"embeddable":true,"href":"https:\/\/www.sv-sf.be\/SVXL\/index.php?rest_route=\/wp\/v2\/users\/1"}],"replies":[{"embeddable":true,"href":"https:\/\/www.sv-sf.be\/SVXL\/index.php?rest_route=%2Fwp%2Fv2%2Fcomments&post=57"}],"version-history":[{"count":22,"href":"https:\/\/www.sv-sf.be\/SVXL\/index.php?rest_route=\/wp\/v2\/pages\/57\/revisions"}],"predecessor-version":[{"id":28273,"href":"https:\/\/www.sv-sf.be\/SVXL\/index.php?rest_route=\/wp\/v2\/pages\/57\/revisions\/28273"}],"wp:attachment":[{"href":"https:\/\/www.sv-sf.be\/SVXL\/index.php?rest_route=%2Fwp%2Fv2%2Fmedia&parent=57"}],"curies":[{"name":"wp","href":"https:\/\/api.w.org\/{rel}","templated":true}]}}